{"id":10285,"date":"2018-07-20T13:11:27","date_gmt":"2018-07-20T11:11:27","guid":{"rendered":"http:\/\/lanaturedanne.be\/?page_id=10285"},"modified":"2023-09-03T13:50:38","modified_gmt":"2023-09-03T11:50:38","slug":"politique-de-confidentialite-et-cookies","status":"publish","type":"page","link":"https:\/\/lanaturedanne.be\/?page_id=10285","title":{"rendered":"POLITIQUE DE CONFIDENTIALIT\u00c9 ET COOKIES"},"content":{"rendered":"<p>POLITIQUE DE CONFIDENTIALITE RGPD RELATIVE AU SITE E-COMMERCE DE SRL BREAK THE GRID &#8211; LA NATURE D\u2019ANNE<\/p>\n<p><strong>Politique de confidentialit\u00e9 relatif au site e-commerce (conform\u00e9ment \u00e0 l\u2019article 13 et 14 du r\u00e8glement de l\u2019UE 679\/2016)<\/strong><\/p>\n<p>Cette politique de confidentialit\u00e9 explique comment <span style=\"color: #231f20;\"><span style=\"font-family: Arial, sans-serif;\">srl Break the grid<\/span><\/span> &#8211; La Nature d\u2019Anne traite les donn\u00e9es personnelles fournies lors de l\u2019utilisation de notre site e-commerce.<\/p>\n<p><span style=\"color: #231f20;\"><span style=\"font-family: Arial, sans-serif;\">srl Break the grid<\/span><\/span> &#8211; La Nature d\u2019Anne est une entreprise dont le si\u00e8ge se trouve en Belgique, et est propri\u00e9taire du site www.lanaturedanne.bebe auquel vos donn\u00e9es personnelles sont transmises afin de g\u00e9rer la relation avec vous et r\u00e9pondre \u00e0 vos demandes.<\/p>\n<p>Veuillez lire attentivement la politique de confidentialit\u00e9 avant d\u2019utiliser notre site e-commerce, car celle-ci vous permettra de savoir quelles donn\u00e9es nous recueillons, comment nous les utilisons et les partageons, et quelles sont vos droits les concernant.<\/p>\n<p><strong>Donn\u00e9es personnelles trait\u00e9es<\/strong><\/p>\n<p>Dans le cadre de votre utilisation du site e-commerce, nous sommes susceptibles de recueillir des donn\u00e9es personnelles que vous avez fournies, y compris, entre autres\u00a0:<\/p>\n<ul>\n<li>Vos coordonn\u00e9es, telles que nom, pr\u00e9nom, adresse e-mail, adresse postale (de livraison et de facturation), nom d\u2019utilisateur, num\u00e9ro de t\u00e9l\u00e9phone<\/li>\n<li>Des informations vous concernant disponibles recueillies aupr\u00e8s de tiers, comme BPost aux fins de v\u00e9rification<\/li>\n<li>Des informations analytiques, telles que les marques qui vous int\u00e9ressent, \u00e9ventuellement le nom du d\u00e9l\u00e9gu\u00e9 commercial avec qui vous avez eu contact, les publicit\u00e9s sur lesquelles vous avez cliqu\u00e9, les courriers \u00e9lectroniques de notre part que vous avez ouverts, votre adresse IP (Internet Protocol)<\/li>\n<\/ul>\n<p>Les conditions de cette politique de confidentialit\u00e9 s\u2019appliquent \u00e9galement aux donn\u00e9es personnelles re\u00e7ues de la part de tiers, \u00e0 moins que nous vous en informions autrement.\u00a0 <span style=\"color: #231f20;\"><span style=\"font-family: Arial, sans-serif;\">srl Break the grid <\/span><\/span>&#8211; La Nature d\u2019Anne n\u2019est pas responsable de la diffusion de vos donn\u00e9es personnelles par des tiers.<\/p>\n<p><strong>Objectifs du traitement<\/strong><\/p>\n<p>Vos donn\u00e9es personnelles peuvent \u00eatre trait\u00e9es aux fins suivantes\u00a0:<\/p>\n<ol>\n<li>Conformit\u00e9\u00a0: remplir les obligations pr\u00e9vues par la loi et les r\u00e8glementations<\/li>\n<li>Enregistrement de compte\u00a0: cr\u00e9er un compte en ligne. Votre compte vous donnera acc\u00e8s aux pages du site.<\/li>\n<li>Services \u00e0 la client\u00e8le\u00a0: r\u00e9pondre \u00e0 vos questions (par exemple concernant les produits, les services ou les garanties), vous informer des nouveaut\u00e9s, promotions, etc. par voie de courriels d\u2019information (voir point 8 de nos conditions g\u00e9n\u00e9rales de vente, Courriels d\u2019information)<\/li>\n<li>Marketing\u00a0: envoyer des communications marketing (par exemple, newsletters sur les nouveaut\u00e9s et promotions)\u00a0; voir point 8 de nos conditions g\u00e9n\u00e9rales de vente, Courriels d\u2019information<\/li>\n<li>Profilage\u00a0: analyser\/pr\u00e9dire les aspects concernant vos pr\u00e9f\u00e9rences personnelles, le secteur dans lequel vous travaillez, vos achats de nos produits, votre exp\u00e9rience avec nos produits et le contenu g\u00e9n\u00e9r\u00e9 par les utilisateurs, et vos int\u00e9r\u00eats et comportements en g\u00e9n\u00e9ral, afin de vous proposer des produits et services adapt\u00e9s ainsi que des publicit\u00e9s personnalis\u00e9es.<\/li>\n<\/ol>\n<p>La base juridique du traitement des donn\u00e9es personnelles sont les suivantes\u00a0:<\/p>\n<ul>\n<li>Dans le but de (a)\u00a0: remplir les obligations juridiques<\/li>\n<li>Dans le but de (b) et (c)\u00a0: conclure un contrat avec vous afin de vous offrir des services \u00e0 la client\u00e8le en tant qu\u2019utilisateur ou, \u00e0 votre demande, prendre des mesures pr\u00e9contractuelles<\/li>\n<li>Dans le but de (d) et (e)\u00a0: votre consentement\n<ul>\n<li>Dans le but (d)\u00a0: si vous \u00eates d\u00e9j\u00e0 client chez nous, nous disposons alors d\u2019un int\u00e9r\u00eat l\u00e9gitime de vous tenir inform\u00e9s de l\u2019\u00e9volution de nos produits et de nos services similaires \u00e0 ceux faisant partie de notre relation contractuelle actuelle.<\/li>\n<\/ul>\n<\/li>\n<\/ul>\n<p><strong>Nature obligatoire ou non de la communication des donn\u00e9es demand\u00e9es<\/strong><\/p>\n<p>La communication de vos donn\u00e9es personnelles est obligatoire aux fins (a), (b), et (c); par cons\u00e9quent, le refus de fournir les donn\u00e9es demand\u00e9es ou leur inexactitude peut emp\u00eacher <span style=\"color: #231f20;\"><span style=\"font-family: Arial, sans-serif;\">srl Break the grid<\/span><\/span> &#8211; La Nature d\u2019Anne d\u2019autoriser l\u2019enregistrement de votre compte et de vous offrir ses services client.<\/p>\n<p>La communication de vos donn\u00e9es personnelles \u00e0 des fins de marketing et de profilage indiqu\u00e9s aux points (d) et (e) est facultative ; n\u00e9anmoins le refus de fournir les donn\u00e9es \u00e0 ces fins peut emp\u00eacher <span style=\"color: #231f20;\"><span style=\"font-family: Arial, sans-serif;\">srl Break the grid<\/span><\/span> &#8211; La Nature d\u2019Anne de vous fournir des informations suppl\u00e9mentaires ou personnalis\u00e9es sur les produits\/services.\u00a0 Vous pouvez r\u00e9voquer votre consentement \u00e0 tout moment.<\/p>\n<p><strong>M\u00e9thodes et lieu de traitement, lieu de stockage des donn\u00e9es personnelles<\/strong><\/p>\n<p>Vos donn\u00e9es personnelles seront trait\u00e9es conform\u00e9ment aux principes d\u2019exactitude, de l\u00e9galit\u00e9 et de transparence.<\/p>\n<p>Soyez assur\u00e9s que nous maintenons en place des mesures de s\u00e9curit\u00e9, techniques et organisationnelles adapt\u00e9es, garantissant un niveau de s\u00e9curit\u00e9 appropri\u00e9 au risque d\u2019acc\u00e8s non autoris\u00e9 et de destruction accidentelle ou illicite, de perte, de modification et de divulgation non autoris\u00e9e de donn\u00e9es personnelles transmises, stock\u00e9es ou autrement trait\u00e9es.\u00a0 Nous veillons \u00e0 ce que nos prestataires de services tiers affili\u00e9s qui acc\u00e8dent ou traitent des donn\u00e9es personnelles en notre nom mettent en place les m\u00eames garanties.<\/p>\n<p>Vos donn\u00e9es personnelles seront trait\u00e9es manuellement ou \u00e9lectroniquement \u00e0 l\u2019aide d\u2019outils automatis\u00e9s assurant la s\u00e9curit\u00e9 et la confidentialit\u00e9 des donn\u00e9es.<\/p>\n<p>Vos donn\u00e9es trait\u00e9es sont stock\u00e9es \u00e0 notre si\u00e8ge social ou dans les locaux de tout prestataire externe \u00e0 qui nous confions le stockage des donn\u00e9es personnelles.\u00a0 Si vous souhaitez connaitre la liste de nos prestataires externes, veuillez nous contacter, ou vous r\u00e9f\u00e9rer au point 4 de l\u2019annexe \u00e0 nos conditions g\u00e9n\u00e9rales de vente.<\/p>\n<p>Nous traiterons uniquement les donn\u00e9es personnelles n\u00e9cessaires aux fins indiqu\u00e9es pr\u00e9c\u00e9demment.\u00a0 Les personnes autoris\u00e9es \u00e0 traiter des donn\u00e9es personnelles supprimeront imm\u00e9diatement ou rendront les donn\u00e9es personnelles anonymes inutiles aux fins susmentionn\u00e9es.<\/p>\n<p>Si vous avez re\u00e7u ou choisi un mot de passe vous permettant d\u2019acc\u00e9der \u00e0 certaines parties du site e-commerce, vous avez la responsabilit\u00e9 de pr\u00e9server la confidentialit\u00e9 de ce mot de passe.\u00a0 Vous ne devez communiquer votre mot de passe \u00e0 personne.<\/p>\n<p><strong>Dur\u00e9e de conservation des donn\u00e9es<\/strong><\/p>\n<p>Nous conserverons vos donn\u00e9es personnelles\u00a0:<\/p>\n<ul>\n<li>\u00c0 des fins contractuelles : pour toute la dur\u00e9e de notre relation contractuelle, et apr\u00e8s la fin de notre relation contractuelle, pendant une dur\u00e9e post\u00e9rieure n\u00e9cessaire \u00e0 (i) l\u2019\u00e9tablissement, l\u2019exercice ou la d\u00e9fense des cr\u00e9ances l\u00e9gales et la tenue des registres comptables et (ii) le respect des obligations l\u00e9gales applicables \u00e0 <span style=\"color: #231f20;\"><span style=\"font-family: Arial, sans-serif;\">srl Break the grid<\/span><\/span> &#8211; La Nature d\u2019Anne. Veuillez garder \u00e0 l\u2019esprit que le d\u00e9lai de prescription et d\u2019autres r\u00e9glementations applicables peuvent varier selon chaque juridiction : pour de plus amples informations, vous pouvez contacter <span style=\"color: #231f20;\"><span style=\"font-family: Arial, sans-serif;\">srl Break the grid<\/span><\/span> &#8211; La Nature d\u2019Anne ou son RPD \u00e0 l\u2019adresse <a href=\"mailto:contact@lanaturedanne.be\">contact@lanaturedanne.be<\/a>.<\/li>\n<li>Pour l\u2019envoi de newsletters, publicit\u00e9s et autres communications sur de nouveaux produits\/services et de mises \u00e0 jour\/informations sur des produits\/services existants, et pour r\u00e9aliser des enqu\u00eates, notamment concernant la satisfaction client\u00a0: pendant la dur\u00e9e de la relation contractuelle \u00e0 compter de leur collecte sauf en cas de n\u00e9cessit\u00e9 ou si les lois applicables autorisent \u00e0 les conserver plus longtemps<\/li>\n<li>Dans le but d\u2019analyser\/pr\u00e9dire des aspects concernant vos pr\u00e9f\u00e9rences, int\u00e9r\u00eats et comportements personnels afin de vous proposer des produits\/services adapt\u00e9s ainsi que des publicit\u00e9s personnalis\u00e9es\u00a0: pendant la dur\u00e9e de la relation contractuelle \u00e0 compter de leur collecte sauf en cas de n\u00e9cessit\u00e9 ou si les lois applicables autorisent \u00e0 les conserver plus longtemps.<\/li>\n<\/ul>\n<p>Les donn\u00e9es seront supprim\u00e9es ou rendues anonymes \u00e0 la fin des p\u00e9riodes indiqu\u00e9es ci-dessus.<\/p>\n<p><strong>Diffusion, partage et communication des donn\u00e9es<\/strong><\/p>\n<p>Les donn\u00e9es personnelles ne seront diffus\u00e9es que dans la mesure n\u00e9cessaire pour que <span style=\"color: #231f20;\"><span style=\"font-family: Arial, sans-serif;\">srl Break the grid<\/span><\/span> &#8211; La Nature d\u2019Anne remplisse les obligations pr\u00e9vues par la loi ou les r\u00e9glementations.<\/p>\n<p>Vos donn\u00e9es peuvent \u00eatre trait\u00e9es par nos employ\u00e9s autoris\u00e9s \u00e0 traiter des donn\u00e9es personnelles aux fins \u00e9nonc\u00e9es ci-dessus.\u00a0 <span style=\"color: #231f20;\"><span style=\"font-family: Arial, sans-serif;\">srl Break the grid<\/span><\/span> &#8211; La Nature d\u2019Anne peut nommer des sous-traitants de donn\u00e9es externes afin, notamment, de g\u00e9rer les bases de donn\u00e9es de relation client ; envoyer des newsletters ; fournir des services de recouvrement de cr\u00e9dit, de logistique et de t\u00e9l\u00e9matique ; et effectuer des enqu\u00eates.<\/p>\n<p>Vos donn\u00e9es peuvent \u00eatre partag\u00e9es avec des professionnels, des cabinets d\u2019avocats et des notaires \u00e0 des fins d\u2019audit et de v\u00e9rification.\u00a0 Les entit\u00e9s\/individus ci-dessus agiront en tant que responsables de traitements des donn\u00e9es autonomes.<\/p>\n<p>La liste des entit\u00e9s\/personnes ci-dessus est tenue \u00e0 jour, et vous pouvez y acc\u00e9der sur demande par e-mail \u00e0 <a href=\"mailto:contact@lanaturednne.be\">contact@lanaturednne.be<\/a>.<\/p>\n<p>Si vous r\u00e9sidez dans l\u2019UE, veuillez consid\u00e9rer que vos donn\u00e9es personnelles peuvent \u00eatre transf\u00e9r\u00e9es \u00e0 des tiers en dehors de l\u2019Espace Economique Europ\u00e9en (EEE).\u00a0 Dans de tels cas, <span style=\"color: #231f20;\"><span style=\"font-family: Arial, sans-serif;\">srl Break the grid<\/span><\/span> &#8211; La Nature d\u2019Anne prendra les mesures appropri\u00e9es pour s\u2019assurer que des dispositifs de protection sont en place en v\u00e9rifiant que (i) les tiers sont certifi\u00e9s et respectent ces clauses de protection ou (ii) que les R\u00e8gles d\u2019entreprise contraignantes approuv\u00e9es par l\u2019autorit\u00e9 de contr\u00f4le sont en place ou (iii) que les clauses contractuelles approuv\u00e9es par la Commission europ\u00e9enne ont \u00e9t\u00e9 sign\u00e9es avec le tiers.\u00a0 Une copie des garanties appropri\u00e9es est disponible au si\u00e8ge de <span style=\"color: #231f20;\"><span style=\"font-family: Arial, sans-serif;\">srl Break the grid<\/span><\/span> &#8211; La Nature d\u2019Anne et sur demande \u00e0 l\u2019adresse <a href=\"mailto:support@caracterre.eu\">contact@lanaturedanne.be<\/a>.<\/p>\n<p><strong>Droit d\u2019acc\u00e8s, de rectification et de compl\u00e9ment des donn\u00e9es et d\u2019opposition au traitement, et transmission des plaintes<\/strong><\/p>\n<p>Vous avez le droit d\u2019obtenir la confirmation de l\u2019existence ou de la non-existence de donn\u00e9es personnelles vous concernant.<\/p>\n<p>Vous avez \u00e9galement le droit d\u2019\u00eatre inform\u00e9(e) de ce qui suit\u00a0:<\/p>\n<ul>\n<li>L\u2019origine des donn\u00e9es personnelles<\/li>\n<li>L\u2019objectif et les m\u00e9thodes de traitement des donn\u00e9es<\/li>\n<li>La logique appliqu\u00e9e aux donn\u00e9es trait\u00e9es \u00e9lectroniquement<\/li>\n<li>L\u2019identit\u00e9 du contr\u00f4leur de donn\u00e9es et des processeurs de donn\u00e9es<\/li>\n<li>L\u2019identit\u00e9 des personnes ou des cat\u00e9gories de personnes auxquelles vos donn\u00e9es personnelles peuvent \u00eatre envoy\u00e9es ou qui peuvent acqu\u00e9rir vos donn\u00e9es en tant que repr\u00e9sentants d\u00e9sign\u00e9s de notre soci\u00e9t\u00e9 dans votre pays de r\u00e9sidence ou en tant que personnes autoris\u00e9es \u00e0 traiter vos donn\u00e9es.<\/li>\n<\/ul>\n<p>Vous avez \u00e9galement le droit de\u00a0:<\/p>\n<ol>\n<li>Demander la mise \u00e0 jour, la rectification et le compl\u00e9ment de vos donn\u00e9es<\/li>\n<li>Demander que le traitement de vos donn\u00e9es soit restreint, que toutes les donn\u00e9es ill\u00e9galement trait\u00e9es soient effac\u00e9es, rendues anonymes ou bloqu\u00e9es<\/li>\n<li>Exiger une d\u00e9claration attestant que les personnes\/soci\u00e9t\u00e9s \u00e0 qui nous communiquons ou diffusons vos donn\u00e9es ont \u00e9t\u00e9 notifi\u00e9es et que toutes les op\u00e9rations mentionn\u00e9es aux points (a) et (b) ci-dessus ont \u00e9t\u00e9 effectu\u00e9es, sauf si cela s\u2019av\u00e8re impossible ou implique un effort manifestement disproportionn\u00e9 par rapport au droit d\u2019\u00eatre prot\u00e9g\u00e9(e)<\/li>\n<li>Obtenir, dans un format structur\u00e9 commun\u00e9ment utilis\u00e9 et lisible par des appareils \u00e9lectroniques, les donn\u00e9es personnelles que vous nous fournissez et que les donn\u00e9es soient transmises, directement ou par l\u2019interm\u00e9diaire de <span style=\"color: #231f20;\"><span style=\"font-family: Arial, sans-serif;\">srl Break the grid<\/span><\/span> &#8211; La Nature d\u2019Anne, \u00e0 un autre responsable du traitement des donn\u00e9es (ce qu\u2019on appelle la portabilit\u00e9 des donn\u00e9es)<\/li>\n<\/ol>\n<p>Vous avez \u00e9galement le droit de vous opposer, en tout ou en partie, au\u00a0:<\/p>\n<ul>\n<li>Traitement de vos donn\u00e9es personnelles dans le but de r\u00e9aliser un profilage, vous envoyer des publicit\u00e9s et des messages de vente directe, et pour mener des \u00e9tudes de march\u00e9 ou de communication commerciale<\/li>\n<\/ul>\n<p>Pour exercer vos droits mentionn\u00e9s ci-dessus, veuillez contacter par e-mail notre responsable de la protection des donn\u00e9es \u00e0 l\u2019adresse\u00a0: <a href=\"mailto:support@caracterre.eu\">contact@lanaturedanne.be<\/a>.<\/p>\n<p>Si vous estimez que notre entreprise ou une personne\/soci\u00e9t\u00e9 \u00e0 qui nous avons communiqu\u00e9 vos donn\u00e9es n\u2019a pas respect\u00e9 vos droits, vous pouvez d\u00e9poser une plainte aupr\u00e8s de l\u2019autorit\u00e9 de protection des donn\u00e9es de votre pays et autres autorit\u00e9s de surveillance comp\u00e9tentes.<\/p>\n<p><strong>Coordonn\u00e9es du responsable du traitement des donn\u00e9es et de la protection des donn\u00e9es<\/strong><\/p>\n<p><span style=\"color: #231f20;\"><span style=\"font-family: Arial, sans-serif;\">srl Break the grid <\/span><\/span>&#8211; La Nature d\u2019Anne, dont le si\u00e8ge social se situe rue de Vis\u00e9, 466, B-4020 Wandre, est responsable du traitement des donn\u00e9es que vous avez communiqu\u00e9es.\u00a0 Pour nous contacter \u00e0 cet \u00e9gard, envoyer un e-mail \u00e0 l\u2019adresse <a href=\"mailto:support@caracterre.eu\">contact@lanaturedanne.be<\/a>.<\/p>\n<p>Le responsable de la protection des donn\u00e9es de <span style=\"color: #231f20;\"><span style=\"font-family: Arial, sans-serif;\">srl Break the grid<\/span><\/span> &#8211; La Nature d\u2019Anne s\u2019appelle S\u00e9bastien Dohogne et vous pouvez le contacter \u00e0 l\u2019adresse <a href=\"mailto:contact@caracterre.eu\">contact@lanaturedanne.be<\/a>.<\/p>\n<p>Si vous avez besoin de plus d\u2019informations concernant l\u2019exercice de vos droits mentionn\u00e9s ci-dessus, veuillez contacter le Responsable de la Protection des donn\u00e9es, S\u00e9bastien Dohogne \u00e0 l\u2019adresse <a href=\"mailto:contact@caracterre.eu\">contact@lanaturedanne.be<\/a><\/p>\n<p><strong>Clauses sur les cookies<\/strong><\/p>\n<p>Dans le but de faciliter votre navigation sur le site www.lanaturedanne.be et d&#8217;optimaliser la gestion technique, <span style=\"color: #231f20;\"><span style=\"font-family: Arial, sans-serif;\">srl Break the grid<\/span><\/span> &#8211; La Nature d\u2019Anne peut \u00eatre amen\u00e9 \u00e0 utiliser des &#8220;cookies&#8221;.<\/p>\n<p>L&#8217;utilisateur est toute personne physique ou morale en relation, quelle que soit sa nature, avec le site web\u00a0www.lanaturedanne.be.<\/p>\n<p>Qu\u2019est-ce qu\u2019un &#8220;cookie&#8221;\u00a0?\u00a0Un \u00ab\u00a0cookie\u00a0\u00bb est une petite pi\u00e8ce d&#8217;information sauvegard\u00e9e par un site web au sein du navigateur Internet de votre ordinateur. Ce &#8220;cookie&#8221; peut \u00eatre r\u00e9cup\u00e9r\u00e9 lors d&#8217;une visite ult\u00e9rieure sur ce m\u00eame site. La majorit\u00e9 des &#8220;cookies&#8221; ne fonctionnent que le temps d&#8217;une session ou\u00a0d\u2019une visite.<\/p>\n<p>Recommandations<\/p>\n<p>En tant qu\u2019utilisateur, il vous est recommand\u00e9 d\u2019accepter les cookies pour un fonctionnement optimal du site. Cependant, chaque utilisateur est libre de ne pas les accepter. Le message d&#8217;avertissement vous permet d&#8217;exprimer votre consentement \u00e0 notre politique de cookies. En refusant ce consentement, vous pourrez encore acc\u00e9der \u00e0 certaines parties du site, mais certaines fonctions peuvent limit\u00e9es ou alt\u00e9r\u00e9es.<\/p>\n<p>Type de cookies utilis\u00e9s<\/p>\n<p>Cookies essentiels<\/p>\n<p>Certains cookies techniques sont indispensables \u00e0 toute navigation et ne sont pas directement acc\u00e9d\u00e9s ni m\u00e9moris\u00e9s par notre site. Ces cookies ne contiennent aucune autre donn\u00e9e personnelle que votre adresse IP, n\u00e9cessaire \u00e0 votre navigation sur Internet. Ils sont, par exemple, destin\u00e9s \u00e0 aider les utilisateurs \u00e0 naviguer au sein du site Internet et \u00e0 les aider \u00e0 revenir aux pages pr\u00e9c\u00e9dentes. Les param\u00e8tres de votre navigateur vous permettent de contr\u00f4ler ces cookies, mais les interdire peut emp\u00eacher notre site de fonctionner correctement.<\/p>\n<p>Cookies analytiques ou statistiques<\/p>\n<p>Ces cookies recueillent des informations au sujet de votre navigation sur notre site et nous permettent d\u2019am\u00e9liorer la convivialit\u00e9. L&#8217;analyse statistique est strictement anonyme et nous permet d&#8217;identifier les pages les plus ou les moins visit\u00e9es, de conna\u00eetre les habitudes globales d\u2019utilisation du site mais aussi de d\u00e9tecter les difficult\u00e9s de navigation sur le site. Pour certaines analyses, nous utilisons Google Analytics qui peut \u00eatre d\u00e9sactiv\u00e9 de diff\u00e9rentes fa\u00e7ons selon les navigateurs utilis\u00e9s (modules et extensions tierces, blocage du site www.google-analytics.com\/*, \u2026). Pour d\u2019autres analyses, nous utilisons AT Internet (qui recueille des donn\u00e9es d\u2019audience reproduites dans un format anonyme auquel seule <span style=\"color: #231f20;\"><span style=\"font-family: Arial, sans-serif;\">srl Break the grid<\/span><\/span> &#8211; La Nature d\u2019Anne peut acc\u00e9der. AT Internet s\u2019est engag\u00e9e \u00e0 se conformer aux Lois sur la protection des donn\u00e9es et la politique de confidentialit\u00e9 de l\u2019Union Europ\u00e9enne)<\/p>\n<p>Cookies de fonctionnalit\u00e9s<\/p>\n<p>Dans les cas o\u00f9 c&#8217;est utile, nous pouvons utiliser des cookies de fonctionnalit\u00e9 pour m\u00e9moriser les choix que vous faites sur notre site : services consult\u00e9s, \u2026.etc. Ces informations ne sont stock\u00e9es que sur votre poste de travail et ne sont utilis\u00e9es par nous que de mani\u00e8re anonyme.<\/p>\n<p>En aucune mani\u00e8re, ces donn\u00e9es ne sont c\u00e9d\u00e9es \u00e0 des tiers.<\/p>\n<p>UTILISATION QUALITATIVE DU SITE ET GESTION DES COOKIES<\/p>\n<p>Si les cookies ne sont pas activ\u00e9s, <span style=\"color: #231f20;\"><span style=\"font-family: Arial, sans-serif;\">srl Break the grid<\/span><\/span> &#8211; La Nature d\u2019Anne ne peut garantir une utilisation qualitative et performante de son site web. N\u00e9anmoins, il vous est \u00e9galement possible de configurer votre navigateur pour vous informer lors de chaque cr\u00e9ation de &#8220;cookie&#8221;, pour les limiter, pour emp\u00eacher leur confection selon les navigateurs utilis\u00e9s via notamment les liens suivants :<\/p>\n<p>&#8211;\u00a0Internet Explorer :\u00a0\u00a0 <a href=\"https:\/\/support.microsoft.com\/fr-fr\/kb\/260971#\/fr-fr\/kb\/260971\">https:\/\/support.microsoft.com\/fr-fr\/kb\/260971#\/fr-fr\/kb\/260971<\/a><br \/>\n&#8211; Chrome\u00a0:\u00a0<a href=\"http:\/\/support.google.com\/chrome\/bin\/answer.py?hl=fr&amp;answer=95647\">http:\/\/support.google.com\/chrome\/bin\/answer.py?hl=fr&amp;answer=95647<\/a><br \/>\n&#8211;\u00a0Firefox :\u00a0<a href=\"http:\/\/support.mozilla.org\/fr\/kb\/activer-desactiver-cookies\">http:\/\/support.mozilla.org\/fr\/kb\/activer-desactiver-cookies<\/a><br \/>\n&#8211;\u00a0Safari :\u00a0 Pour la version Safari\u00a0 N\u00b0 8 :\u00a0<a href=\"https:\/\/support.apple.com\/kb\/PH19214?locale=fr_BE&amp;viewlocale=fr_FR\">https:\/\/support.apple.com\/kb\/PH19214?locale=fr_BE&amp;viewlocale=fr_FR<\/a><br \/>\nPour la version SAFARI N\u00b0 9\u00a0:\u00a0<a href=\"https:\/\/support.apple.com\/kb\/PH21411?viewlocale=fr_FR&amp;locale=fr_CA\">https:\/\/support.apple.com\/kb\/PH21411?viewlocale=fr_FR&amp;locale=fr_CA<\/a><br \/>\nPour d\u2019autres versions il convient de se connecter sur le site d\u2019APPLE<br \/>\nApr\u00e8s la lecture de cette d\u00e9claration concernant les cookies, en cas de questions ou remarques concernant la gestion du site web et des cookies l\u2019utilisateur peut contacter <span style=\"color: #231f20;\"><span style=\"font-family: Arial, sans-serif;\">srl Break the grid <\/span><\/span>&#8211; La Nature d\u2019Anne via l\u2019adresse email suivante : contact@lanaturedanne.be<\/p>\n<p>L\u2019utilisateur peut, \u00e0 tout moment, revenir sur ses intentions et changer ses param\u00e8tres en mati\u00e8re de cookies.<\/p>\n","protected":false},"excerpt":{"rendered":"<p>POLITIQUE DE CONFIDENTIALITE RGPD RELATIVE AU SITE E-COMMERCE DE SRL BREAK THE GRID &#8211; LA NATURE D\u2019ANNE Politique de confidentialit\u00e9 relatif au site e-commerce (conform\u00e9ment \u00e0 l\u2019article 13 et 14 du r\u00e8glement de l\u2019UE 679\/2016) Cette politique de confidentialit\u00e9 explique comment srl Break the grid &#8211; La Nature d\u2019Anne traite les donn\u00e9es personnelles fournies lors [&hellip;]<\/p>\n","protected":false},"author":4,"featured_media":0,"parent":0,"menu_order":0,"comment_status":"closed","ping_status":"closed","template":"","meta":[],"_links":{"self":[{"href":"https:\/\/lanaturedanne.be\/index.php?rest_route=\/wp\/v2\/pages\/10285"}],"collection":[{"href":"https:\/\/lanaturedanne.be\/index.php?rest_route=\/wp\/v2\/pages"}],"about":[{"href":"https:\/\/lanaturedanne.be\/index.php?rest_route=\/wp\/v2\/types\/page"}],"author":[{"embeddable":true,"href":"https:\/\/lanaturedanne.be\/index.php?rest_route=\/wp\/v2\/users\/4"}],"replies":[{"embeddable":true,"href":"https:\/\/lanaturedanne.be\/index.php?rest_route=%2Fwp%2Fv2%2Fcomments&post=10285"}],"version-history":[{"count":2,"href":"https:\/\/lanaturedanne.be\/index.php?rest_route=\/wp\/v2\/pages\/10285\/revisions"}],"predecessor-version":[{"id":25591,"href":"https:\/\/lanaturedanne.be\/index.php?rest_route=\/wp\/v2\/pages\/10285\/revisions\/25591"}],"wp:attachment":[{"href":"https:\/\/lanaturedanne.be\/index.php?rest_route=%2Fwp%2Fv2%2Fmedia&parent=10285"}],"curies":[{"name":"wp","href":"https:\/\/api.w.org\/{rel}","templated":true}]}}